{"id":27,"date":"2015-09-20T21:31:53","date_gmt":"2015-09-20T19:31:53","guid":{"rendered":"http:\/\/byhleguhre.info\/ferienwhg-keym\/?page_id=27"},"modified":"2025-02-18T08:52:00","modified_gmt":"2025-02-18T07:52:00","slug":"freizeit","status":"publish","type":"page","link":"http:\/\/byhleguhre.info\/ferienwhg-keym\/freizeit\/","title":{"rendered":"Freizeit"},"content":{"rendered":"<p><a href=\"http:\/\/byhleguhre.info\/ferienwhg-keym\/wp-content\/uploads\/2015\/09\/20200126_124703-e1580041859863.jpg\"><img loading=\"lazy\" decoding=\"async\" class=\"alignnone size-thumbnail wp-image-304\" src=\"http:\/\/byhleguhre.info\/ferienwhg-keym\/wp-content\/uploads\/2015\/09\/20200126_124703-e1580041859863-150x150.jpg\" alt=\"20200126_124703\" width=\"150\" height=\"150\" \/><\/a>Frostwiesenlauf 2020<\/p>\n<p>&nbsp;<\/p>\n<p><a href=\"http:\/\/byhleguhre.info\/ferienwhg-keym\/wp-content\/uploads\/2015\/09\/P1060721.jpg\"><img loading=\"lazy\" decoding=\"async\" class=\"wp-image-258 size-thumbnail\" src=\"http:\/\/byhleguhre.info\/ferienwhg-keym\/wp-content\/uploads\/2015\/09\/P1060721-150x113.jpg\" alt=\"P1060721\" width=\"150\" height=\"113\" \/><\/a><\/p>\n<p>besetzt mit Rotschw\u00e4nzchen<\/p>\n<p><a href=\"http:\/\/byhleguhre.info\/ferienwhg-keym\/wp-content\/uploads\/2015\/09\/IMG-20170626-WA0001.jpg\"><img loading=\"lazy\" decoding=\"async\" class=\"alignnone wp-image-265 size-thumbnail\" title=\"Abendstimmung am Nordumfluter\" src=\"http:\/\/byhleguhre.info\/ferienwhg-keym\/wp-content\/uploads\/2015\/09\/IMG-20170626-WA0001-150x150.jpg\" alt=\"Abendstimmung am Nordumfluter\" width=\"150\" height=\"150\" \/><\/a>Abendstimmung am Nordumfluter<\/p>\n<div id=\"attachment_259\" style=\"width: 160px\" class=\"wp-caption alignnone\"><a href=\"http:\/\/byhleguhre.info\/ferienwhg-keym\/wp-content\/uploads\/2015\/09\/P1060722.jpg\"><img loading=\"lazy\" decoding=\"async\" aria-describedby=\"caption-attachment-259\" class=\"wp-image-259 size-thumbnail\" src=\"http:\/\/byhleguhre.info\/ferienwhg-keym\/wp-content\/uploads\/2015\/09\/P1060722-150x113.jpg\" alt=\"P1060722\" width=\"150\" height=\"113\" \/><\/a><p id=\"caption-attachment-259\" class=\"wp-caption-text\">besetzt mit Star und Spatz<\/p><\/div>\n<div id=\"attachment_260\" style=\"width: 160px\" class=\"wp-caption alignnone\"><a href=\"http:\/\/byhleguhre.info\/ferienwhg-keym\/wp-content\/uploads\/2015\/09\/P1060720-1.jpg\"><img loading=\"lazy\" decoding=\"async\" aria-describedby=\"caption-attachment-260\" class=\"wp-image-260 size-thumbnail\" src=\"http:\/\/byhleguhre.info\/ferienwhg-keym\/wp-content\/uploads\/2015\/09\/P1060720-1-150x113.jpg\" alt=\"P1060720\" width=\"150\" height=\"113\" \/><\/a><p id=\"caption-attachment-260\" class=\"wp-caption-text\">besetzt mit Rotschw\u00e4nzchen<\/p><\/div>\n<p><a href=\"http:\/\/byhleguhre.info\/ferienwhg-keym\/wp-content\/uploads\/2015\/09\/305-e1490115059450.jpg\"><img loading=\"lazy\" decoding=\"async\" class=\"alignnone wp-image-249 size-thumbnail\" src=\"http:\/\/byhleguhre.info\/ferienwhg-keym\/wp-content\/uploads\/2015\/09\/305-150x150.jpg\" alt=\"305\" width=\"150\" height=\"150\" \/><\/a><\/p>\n<div id=\"attachment_118\" style=\"width: 158px\" class=\"wp-caption alignright\"><a href=\"http:\/\/byhleguhre.info\/ferienwhg-keym\/wp-content\/uploads\/2015\/09\/169.jpg\"><img loading=\"lazy\" decoding=\"async\" aria-describedby=\"caption-attachment-118\" class=\"wp-image-118\" src=\"http:\/\/byhleguhre.info\/ferienwhg-keym\/wp-content\/uploads\/2015\/09\/169-150x150.jpg\" alt=\"169\" width=\"148\" height=\"148\" \/><\/a><p id=\"caption-attachment-118\" class=\"wp-caption-text\">Radweg nach Burg- Spreewald<\/p><\/div>\n<p>In der Umgebung unserer <strong>Spreewald-Ferienwohnung<\/strong> <strong>Keym<\/strong> sind das ganze Jahr \u00fcber tolle Aktivit\u00e4ten m\u00f6glich.<\/p>\n<p>&nbsp;<\/p>\n<p>zum Beispiel:<\/p>\n<ul>\n<li>Reiten auf einem der 4 Pferdeh\u00f6fe im Umkreis von 5 Km,\u00a0\u00a0\u00a0\u00a0\u00a0\u00a0\u00a0\u00a0\u00a0\u00a0\u00a0\u00a0\u00a0\u00a0\u00a0\u00a0\u00a0\u00a0\u00a0\u00a0\u00a0\u00a0\u00a0\u00a0\u00a0\u00a0\u00a0\u00a0\u00a0\u00a0\u00a0\u00a0\u00a0\u00a0\u00a0\u00a0\u00a0\u00a0\u00a0\u00a0\u00a0\u00a0\u00a0\u00a0\u00a0\u00a0\u00a0\u00a0\u00a0\u00a0\u00a0\u00a0\u00a0\u00a0\u00a0\u00a0\u00a0\u00a0\u00a0\u00a0\u00a0\u00a0\u00a0\u00a0\u00a0\u00a0\u00a0\u00a0\u00a0\u00a0\u00a0\u00a0 beispielsweise hier: <a href=\"http:\/\/www.reiterhof-jerol.de\/\">http:\/\/www.reiterhof- jerol.de\/<\/a><\/li>\n<li>mehrere Seen im Umkreis laden zum Baden ein, beispielsweise hier:\u00a0\u00a0\u00a0<a href=\"http:\/\/www.ferienzentrum-briesensee.de\/\">http:\/\/www.ferienzentrum-briesensee.de\/<\/a>\/<\/li>\n<li>in manchen Jahren w\u00e4chst eine dicke Eisschicht auf dem Byhleguhrer\u00a0See.Abgesehen von so einem einmaligen Erlebnis wie dem\u00a0Schlittschuh Laufen\u00a0und\/oder Gleitschirmfahren bietet <a href=\"http:\/\/www.das-Haus-am-See.de\/\">http:\/\/www.das-Haus-am-See.de\/<\/a> und dessen Umgebung ein ganz besonderes Flair.\n<p><div id=\"attachment_237\" style=\"width: 160px\" class=\"wp-caption aligncenter\"><a href=\"http:\/\/byhleguhre.info\/ferienwhg-keym\/wp-content\/uploads\/2015\/09\/Januar-2017.jpg\"><img loading=\"lazy\" decoding=\"async\" aria-describedby=\"caption-attachment-237\" class=\"wp-image-237 size-thumbnail\" src=\"http:\/\/byhleguhre.info\/ferienwhg-keym\/wp-content\/uploads\/2015\/09\/Januar-2017-150x150.jpg\" alt=\"28.01.2017\" width=\"150\" height=\"150\" \/><\/a><p id=\"caption-attachment-237\" class=\"wp-caption-text\">Winterzauber am Byhleguhrer See<\/p><\/div><\/li>\n<li><a href=\"http:\/\/www.spreekapitaen.de\/tourUebersicht.php?v=0\" target=\"_blank\" rel=\"noopener\">Radfahrtouren<\/a>\u00a0auf gut ausgebauten Radwegen (Fahrradverleih beispielsweise in der <a href=\"http:\/\/www.radler-scheune.de\" target=\"_blank\" rel=\"noopener\">Radlerscheune<\/a>\u00a0 in Burg Spreewald)<\/li>\n<li>Wassersport (Paddelboot &#8211; Verleih in Burg Spreewald)<\/li>\n<li>Kahnfahrten und paddeln im Nachbarort Burg Spreewald<\/li>\n<li>Ausfl\u00fcge zur\u00a0Therme in Burg\u00a0Spreewald\u00a0<a href=\"https:\/\/www.spreewald-therme.de\/\">https:\/\/www.spreewald-therme.de\/<\/a><\/li>\n<li>zu den Pinguinen \u00a0nach L\u00fcbbenau <a href=\"https:\/\/www.spreeweltenbad.de\">https:\/\/www.spreeweltenbad.de<\/a><\/li>\n<li>das Tropical Islands ist ca 1 Autostunde entfernt https:\/\/www.tropical-islands.de<\/li>\n<li>ehemalige Kohle Abbaugebiete,\u00a0\u00a0\u00a0\u00a0\u00a0\u00a0\u00a0\u00a0\u00a0\u00a0\u00a0\u00a0\u00a0\u00a0\u00a0\u00a0\u00a0\u00a0\u00a0\u00a0\u00a0\u00a0\u00a0\u00a0\u00a0\u00a0\u00a0\u00a0\u00a0\u00a0\u00a0\u00a0\u00a0\u00a0\u00a0\u00a0\u00a0\u00a0\u00a0\u00a0\u00a0\u00a0\u00a0\u00a0\u00a0\u00a0\u00a0\u00a0\u00a0\u00a0\u00a0\u00a0\u00a0\u00a0\u00a0\u00a0\u00a0\u00a0\u00a0\u00a0\u00a0\u00a0\u00a0\u00a0\u00a0\u00a0\u00a0\u00a0\u00a0\u00a0\u00a0\u00a0\u00a0\u00a0\u00a0\u00a0\u00a0\u00a0\u00a0\u00a0\u00a0\u00a0\u00a0\u00a0\u00a0\u00a0\u00a0\u00a0\u00a0\u00a0\u00a0\u00a0\u00a0\u00a0\u00a0\u00a0\u00a0\u00a0\u00a0\u00a0 besuchen Sie die Tagebau-F\u00f6rderbr\u00fccke\u00a0\u00a0in Lichterfeld<\/li>\n<li>M\u00fchlen in Funktion mit verschiedenen Angeboten an K\u00f6rnern und Samen zum Beispiel f\u00fcr`s M\u00fcsli, hier wird auch das leckere Spreew\u00e4lder\u00a0<strong>Lein\u00f6l<\/strong> gepresst &#8211; Objektbesichtigung in Burg, <a href=\"http:\/\/www.windmuehle-straupitz.de\/\">http:\/\/www.windmuehle-straupitz.de\/<\/a>, M\u00fcschen oder der Kanow-M\u00fchle sind m\u00f6glich, alle M\u00fchlen liegen in unmittelbarer N\u00e4he<\/li>\n<li>Egal ob mit Skatern, Fahrrad oder Rollstuhl, \u00a0in dem 700 Jahre alten Dorf Byhleguhre sind Wanderwege in wundersch\u00f6ner Natur direkt ab unseren <strong>Spreewald-Ferienwohnungen<\/strong> <strong>Keym<\/strong> m\u00f6glich.<\/li>\n<li>Ihre Grundversorgung k\u00f6nnen Sie im Dorf durch den\u00a0 B\u00e4cker Kuhla abdecken, ca. 5 Min von der <strong>Spreewald-Ferienwohnung Keym<\/strong> entfernt.<\/li>\n<li>Der <strong>Kurort<\/strong> <strong>Burg<\/strong> <strong>Spreewald<\/strong> liegt ca. in 5 Km Entfernung.<\/li>\n<\/ul>\n<div id=\"attachment_117\" style=\"width: 160px\" class=\"wp-caption aligncenter\"><a href=\"http:\/\/byhleguhre.info\/ferienwhg-keym\/wp-content\/uploads\/2015\/09\/144.jpg\"><img loading=\"lazy\" decoding=\"async\" aria-describedby=\"caption-attachment-117\" class=\"wp-image-117 size-thumbnail\" src=\"http:\/\/byhleguhre.info\/ferienwhg-keym\/wp-content\/uploads\/2015\/09\/144-150x150.jpg\" alt=\"144\" width=\"150\" height=\"150\" \/><\/a><p id=\"caption-attachment-117\" class=\"wp-caption-text\">Hochwasser im Nordumfluter 2013<\/p><\/div>\n<div id='gallery-1' class='gallery galleryid-27 gallery-columns-3 gallery-size-thumbnail'><dl class='gallery-item'>\n\t\t\t<dt class='gallery-icon landscape'>\n\t\t\t\t<a href='http:\/\/byhleguhre.info\/ferienwhg-keym\/p1280182\/'><img loading=\"lazy\" decoding=\"async\" width=\"150\" height=\"150\" src=\"http:\/\/byhleguhre.info\/ferienwhg-keym\/wp-content\/uploads\/2016\/10\/P1280182-150x150.jpg\" class=\"attachment-thumbnail size-thumbnail\" alt=\"\" \/><\/a>\n\t\t\t<\/dt><\/dl><dl class='gallery-item'>\n\t\t\t<dt class='gallery-icon landscape'>\n\t\t\t\t<a href='http:\/\/byhleguhre.info\/ferienwhg-keym\/freizeit\/stick-von-sabrina-076\/'><img loading=\"lazy\" decoding=\"async\" width=\"150\" height=\"150\" src=\"http:\/\/byhleguhre.info\/ferienwhg-keym\/wp-content\/uploads\/2015\/09\/Stick-von-Sabrina-076-e1484917333193-150x150.jpg\" class=\"attachment-thumbnail size-thumbnail\" alt=\"\" \/><\/a>\n\t\t\t<\/dt><\/dl><dl class='gallery-item'>\n\t\t\t<dt class='gallery-icon portrait'>\n\t\t\t\t<a href='http:\/\/byhleguhre.info\/ferienwhg-keym\/freizeit\/strenenritt-14-025\/'><img loading=\"lazy\" decoding=\"async\" width=\"150\" height=\"150\" src=\"http:\/\/byhleguhre.info\/ferienwhg-keym\/wp-content\/uploads\/2015\/09\/Strenenritt-14-025-150x150.jpg\" class=\"attachment-thumbnail size-thumbnail\" alt=\"\" \/><\/a>\n\t\t\t<\/dt><\/dl><br style=\"clear: both\" \/>\n\t\t<\/div>\n\n<p>F\u00fcr Reitfreunde gibt es das ganze Jahr \u00fcber wundersch\u00f6ne Ausritte<\/p>\n<div id=\"attachment_123\" style=\"width: 160px\" class=\"wp-caption alignleft\"><a href=\"http:\/\/byhleguhre.info\/ferienwhg-keym\/wp-content\/uploads\/2015\/09\/Homepage-004.jpg\"><img loading=\"lazy\" decoding=\"async\" aria-describedby=\"caption-attachment-123\" class=\"wp-image-123 \" src=\"http:\/\/byhleguhre.info\/ferienwhg-keym\/wp-content\/uploads\/2015\/09\/Homepage-004-150x150.jpg\" alt=\"Homepage 004\" width=\"150\" height=\"150\" \/><\/a><p id=\"caption-attachment-123\" class=\"wp-caption-text\">Der Kiesschacht im Dorf zum Angeln und Baden<\/p><\/div>\n<div id=\"attachment_122\" style=\"width: 160px\" class=\"wp-caption alignleft\"><a href=\"http:\/\/byhleguhre.info\/ferienwhg-keym\/wp-content\/uploads\/2015\/09\/zampern-2015-001.jpg\"><img loading=\"lazy\" decoding=\"async\" aria-describedby=\"caption-attachment-122\" class=\"wp-image-122 size-thumbnail\" src=\"http:\/\/byhleguhre.info\/ferienwhg-keym\/wp-content\/uploads\/2015\/09\/zampern-2015-001-150x150.jpg\" alt=\"zampern 2015 001\" width=\"150\" height=\"150\" \/><\/a><p id=\"caption-attachment-122\" class=\"wp-caption-text\">Zampern (Fasching) Anfang des Jahres<\/p><\/div>\n<p><a href=\"http:\/\/byhleguhre.info\/ferienwhg-keym\/wp-content\/uploads\/2015\/09\/Strenenritt-14-025.jpg\">\u00a0<\/a><\/p>\n<div id=\"attachment_199\" style=\"width: 170px\" class=\"wp-caption alignright\"><a href=\"http:\/\/byhleguhre.info\/ferienwhg-keym\/wp-content\/uploads\/2016\/10\/Arcon.png\"><img loading=\"lazy\" decoding=\"async\" aria-describedby=\"caption-attachment-199\" class=\"wp-image-199\" src=\"http:\/\/byhleguhre.info\/ferienwhg-keym\/wp-content\/uploads\/2016\/10\/Arcon-150x150.png\" alt=\"Hofwache\" width=\"160\" height=\"150\" \/><\/a><p id=\"caption-attachment-199\" class=\"wp-caption-text\">Hofwache<\/p><\/div>\n<div id=\"attachment_227\" style=\"width: 269px\" class=\"wp-caption aligncenter\"><a href=\"http:\/\/byhleguhre.info\/ferienwhg-keym\/wp-content\/uploads\/2015\/09\/20160527_130045-1-e1484938085509.jpg\"><img loading=\"lazy\" decoding=\"async\" aria-describedby=\"caption-attachment-227\" class=\"wp-image-227\" src=\"http:\/\/byhleguhre.info\/ferienwhg-keym\/wp-content\/uploads\/2015\/09\/20160527_130045-1-e1484938085509-150x150.jpg\" alt=\"wilde Orchideen\" width=\"259\" height=\"259\" \/><\/a><p id=\"caption-attachment-227\" class=\"wp-caption-text\">wilde Orchideen<\/p><\/div>\n<div id=\"attachment_198\" style=\"width: 160px\" class=\"wp-caption alignleft\"><a href=\"http:\/\/byhleguhre.info\/ferienwhg-keym\/wp-content\/uploads\/2016\/10\/Pilze.jpg\"><img loading=\"lazy\" decoding=\"async\" aria-describedby=\"caption-attachment-198\" class=\"wp-image-198 size-thumbnail\" src=\"http:\/\/byhleguhre.info\/ferienwhg-keym\/wp-content\/uploads\/2016\/10\/Pilze-150x150.jpg\" alt=\"pilze\" width=\"150\" height=\"150\" \/><\/a><p id=\"caption-attachment-198\" class=\"wp-caption-text\">lecker Pilze<\/p><\/div>\n<div id=\"attachment_223\" style=\"width: 166px\" class=\"wp-caption alignleft\"><a href=\"http:\/\/byhleguhre.info\/ferienwhg-keym\/wp-content\/uploads\/2017\/01\/P1060658-e1484918822558.jpg\"><img loading=\"lazy\" decoding=\"async\" aria-describedby=\"caption-attachment-223\" class=\"wp-image-223 \" src=\"http:\/\/byhleguhre.info\/ferienwhg-keym\/wp-content\/uploads\/2017\/01\/P1060658-150x150.jpg\" alt=\"seltener Falter\" width=\"156\" height=\"156\" \/><\/a><p id=\"caption-attachment-223\" class=\"wp-caption-text\">seltener Falter<\/p><\/div>\n<p style=\"text-align: left;\"><a href=\"http:\/\/byhleguhre.info\/ferienwhg-keym\/wp-content\/uploads\/2015\/09\/20160527_130126-1-e1484937931798.jpg\"><img loading=\"lazy\" decoding=\"async\" class=\" wp-image-228 alignright\" src=\"http:\/\/byhleguhre.info\/ferienwhg-keym\/wp-content\/uploads\/2015\/09\/20160527_130126-1-e1484937931798-150x150.jpg\" alt=\"wilde Orchideen\" width=\"166\" height=\"166\" \/><\/a><\/p>\n<p>&nbsp;<\/p>\n","protected":false},"excerpt":{"rendered":"<p>Frostwiesenlauf 2020 &nbsp; besetzt mit Rotschw\u00e4nzchen Abendstimmung am Nordumfluter In der Umgebung unserer Spreewald-Ferienwohnung Keym sind das ganze Jahr \u00fcber tolle Aktivit\u00e4ten m\u00f6glich. &nbsp; zum Beispiel: Reiten auf einem der 4 Pferdeh\u00f6fe im Umkreis von 5 Km,\u00a0\u00a0\u00a0\u00a0\u00a0\u00a0\u00a0\u00a0\u00a0\u00a0\u00a0\u00a0\u00a0\u00a0\u00a0\u00a0\u00a0\u00a0\u00a0\u00a0\u00a0\u00a0\u00a0\u00a0\u00a0\u00a0\u00a0\u00a0\u00a0\u00a0\u00a0\u00a0\u00a0\u00a0\u00a0\u00a0\u00a0\u00a0\u00a0\u00a0\u00a0\u00a0\u00a0\u00a0\u00a0\u00a0\u00a0\u00a0\u00a0\u00a0\u00a0\u00a0\u00a0\u00a0\u00a0\u00a0\u00a0\u00a0\u00a0\u00a0\u00a0\u00a0\u00a0\u00a0\u00a0\u00a0\u00a0\u00a0\u00a0\u00a0\u00a0\u00a0 beispielsweise hier: http:\/\/www.reiterhof- &hellip; <a href=\"http:\/\/byhleguhre.info\/ferienwhg-keym\/freizeit\/\">Weiterlesen <span class=\"meta-nav\">&rarr;<\/span><\/a><\/p>\n","protected":false},"author":1,"featured_media":0,"parent":0,"menu_order":0,"comment_status":"closed","ping_status":"closed","template":"","meta":{"footnotes":""},"class_list":["post-27","page","type-page","status-publish","hentry"],"_links":{"self":[{"href":"http:\/\/byhleguhre.info\/ferienwhg-keym\/wp-json\/wp\/v2\/pages\/27","targetHints":{"allow":["GET"]}}],"collection":[{"href":"http:\/\/byhleguhre.info\/ferienwhg-keym\/wp-json\/wp\/v2\/pages"}],"about":[{"href":"http:\/\/byhleguhre.info\/ferienwhg-keym\/wp-json\/wp\/v2\/types\/page"}],"author":[{"embeddable":true,"href":"http:\/\/byhleguhre.info\/ferienwhg-keym\/wp-json\/wp\/v2\/users\/1"}],"replies":[{"embeddable":true,"href":"http:\/\/byhleguhre.info\/ferienwhg-keym\/wp-json\/wp\/v2\/comments?post=27"}],"version-history":[{"count":76,"href":"http:\/\/byhleguhre.info\/ferienwhg-keym\/wp-json\/wp\/v2\/pages\/27\/revisions"}],"predecessor-version":[{"id":338,"href":"http:\/\/byhleguhre.info\/ferienwhg-keym\/wp-json\/wp\/v2\/pages\/27\/revisions\/338"}],"wp:attachment":[{"href":"http:\/\/byhleguhre.info\/ferienwhg-keym\/wp-json\/wp\/v2\/media?parent=27"}],"curies":[{"name":"wp","href":"https:\/\/api.w.org\/{rel}","templated":true}]}}